{"id":32,"date":"2022-11-23T12:58:24","date_gmt":"2022-11-23T11:58:24","guid":{"rendered":"https:\/\/skola.karlstad.se\/elevborgarrad\/?page_id=32"},"modified":"2024-12-06T09:12:31","modified_gmt":"2024-12-06T08:12:31","slug":"till-elever","status":"publish","type":"page","link":"https:\/\/skola.karlstad.se\/elevborgarrad\/till-elever\/","title":{"rendered":"Till elever!"},"content":{"rendered":"\n<h1 class=\"wp-block-heading\">Hej alla elever! Er r\u00f6st \u00e4r viktig! Tack f\u00f6r alla kloka f\u00f6rslag!<\/h1>\n\n\n\n<div class=\"wp-block-columns is-layout-flex wp-container-core-columns-is-layout-9d6595d7 wp-block-columns-is-layout-flex\">\n<div class=\"wp-block-column is-layout-flow wp-block-column-is-layout-flow\">\n<figure class=\"wp-block-image size-full is-resized\"><img loading=\"lazy\" decoding=\"async\" width=\"234\" height=\"312\" src=\"https:\/\/skola.karlstad.se\/elevborgarrad\/wp-content\/uploads\/sites\/1517\/2024\/12\/image-2-edited.png\" alt=\"\" class=\"wp-image-1195\" style=\"width:226px;height:auto\" srcset=\"https:\/\/skola.karlstad.se\/elevborgarrad\/wp-content\/uploads\/sites\/1517\/2024\/12\/image-2-edited.png 234w, https:\/\/skola.karlstad.se\/elevborgarrad\/wp-content\/uploads\/sites\/1517\/2024\/12\/image-2-edited-225x300.png 225w\" sizes=\"auto, (max-width: 234px) 100vw, 234px\" \/><\/figure>\n<\/div>\n\n\n\n<div class=\"wp-block-column is-layout-flow wp-block-column-is-layout-flow\">\n<p>Det har kommit in 967 f\u00f6rslag fr\u00e5n barn och elever i Karlstads kommuns kommunala f\u00f6rskolor och grundskolor! Tusen tack f\u00f6r alla kloka, innovativa, smarta, konkreta och uppfodrande f\u00f6rslag! F\u00f6rslagen sammanst\u00e4lls nu f\u00f6r att bearbetas p\u00e5 elevdemokratiworkshop 20 april d\u00e4r 44 elever fr\u00e5n \u00e5rskurs 4-9 deltar.<\/p>\n<\/div>\n<\/div>\n\n\n\n<figure class=\"wp-block-image size-full\"><a href=\"https:\/\/api.screen9.com\/preview\/ed0-ByPE4m3uLkOmD7QhILs4fqEhONkCKX-wWHRvlX2dE47u_k0i9EHffw3daz1C\" target=\"_blank\" rel=\"noreferrer noopener\"><img loading=\"lazy\" decoding=\"async\" width=\"815\" height=\"458\" src=\"https:\/\/skola.karlstad.se\/elevborgarrad\/wp-content\/uploads\/sites\/1517\/2024\/12\/image-1.png\" alt=\"\" class=\"wp-image-1187\" srcset=\"https:\/\/skola.karlstad.se\/elevborgarrad\/wp-content\/uploads\/sites\/1517\/2024\/12\/image-1.png 815w, https:\/\/skola.karlstad.se\/elevborgarrad\/wp-content\/uploads\/sites\/1517\/2024\/12\/image-1-300x169.png 300w, https:\/\/skola.karlstad.se\/elevborgarrad\/wp-content\/uploads\/sites\/1517\/2024\/12\/image-1-768x432.png 768w\" sizes=\"auto, (max-width: 706px) 89vw, (max-width: 767px) 82vw, 740px\" \/><\/a><\/figure>\n\n\n\n<p>Vi startar ett <span style=\"font-size: 1rem\">Elevb<\/span><span style=\"font-size: 1rem\">orgarr\u00e5d d\u00e4rf\u00f6r att era r\u00f6ster i klimatfr\u00e5gorna \u00e4r viktiga! Det har inte gjorts f\u00f6rut. <strong>Ni \u00e4r historiska!&nbsp;<\/strong> &nbsp;<\/span><span style=\"font-size: 1rem\">F\u00f6r att Karlstad ska kunna bli en milj\u00f6smart kommun och minska utsl\u00e4ppen beh\u00f6ver vi tillsammans <span class=\"TextRun SCXW42848530 BCX0\" lang=\"SV-SE\" xml:lang=\"SV-SE\" data-contrast=\"auto\"><span class=\"NormalTextRun SCXW42848530 BCX0\" data-ccp-parastyle=\"Normal (Web)\">hitta l\u00f6sningar som \u00e4r till gagn f\u00f6r s\u00e5 m\u00e5nga som m\u00f6jligt<\/span><\/span>. Det \u00e4r inte erat ansvar att l\u00f6sa klimatfr\u00e5gan, det \u00e4r vuxenv\u00e4rldens. Men vi \u00e4r s\u00e4kra p\u00e5 att ni har kloka id\u00e9er p\u00e5 vad som konkret kan g\u00f6ras i Karlstad. <\/span><strong style=\"font-size: 1rem\">Er r\u00f6st \u00e4r viktig!&nbsp;&nbsp;<\/strong><\/p>\n\n\n\n<p><span style=\"font-size: 1rem\">Ni tar fram skarpa, konkreta \u00e5tg\u00e4rdsf\u00f6rslag som l\u00e4mnas \u00f6ver till kommunens politiker.&nbsp;<\/span><\/p>\n\n\n\n<p>Vi vill att ni tillsammans funderar p\u00e5 de h\u00e4r tv\u00e5 fr\u00e5gest\u00e4llningarna:<\/p>\n\n\n\n<ul class=\"wp-block-list\">\n<li><em>Hur s\u00e4nker vi utsl\u00e4ppen radikalt i Karlstad kommun \u2013 utan att n\u00e5gon kommer i kl\u00e4m<\/em>?<\/li>\n\n\n\n<li><em>Hur kan Karlstad bli en mer milj\u00f6smart kommun?\u00a0<\/em><\/li>\n<\/ul>\n\n\n\n<p>Vi vill att ni skickar in svaren till oss senast 17 mars.<\/p>\n\n\n\n<p>Ni kan skicka in enskilt, eller fr\u00e5n klassen, eller samlat fr\u00e5n elevr\u00e5det.<\/p>\n\n\n\n<figure class=\"wp-block-image\"><img loading=\"lazy\" decoding=\"async\" width=\"300\" height=\"200\" src=\"http:\/\/skola.karlstad.se\/elevborgarrad\/wp-content\/uploads\/sites\/1517\/2022\/12\/DSC_0019-300x200.jpg\" alt=\"\" class=\"wp-image-229\" srcset=\"https:\/\/skola.karlstad.se\/elevborgarrad\/wp-content\/uploads\/sites\/1517\/2022\/12\/DSC_0019-300x200.jpg 300w, https:\/\/skola.karlstad.se\/elevborgarrad\/wp-content\/uploads\/sites\/1517\/2022\/12\/DSC_0019-1024x683.jpg 1024w, https:\/\/skola.karlstad.se\/elevborgarrad\/wp-content\/uploads\/sites\/1517\/2022\/12\/DSC_0019-768x512.jpg 768w, https:\/\/skola.karlstad.se\/elevborgarrad\/wp-content\/uploads\/sites\/1517\/2022\/12\/DSC_0019-1536x1024.jpg 1536w, https:\/\/skola.karlstad.se\/elevborgarrad\/wp-content\/uploads\/sites\/1517\/2022\/12\/DSC_0019-2048x1365.jpg 2048w, https:\/\/skola.karlstad.se\/elevborgarrad\/wp-content\/uploads\/sites\/1517\/2022\/12\/DSC_0019-scaled.jpg 1920w\" sizes=\"auto, (max-width: 300px) 100vw, 300px\" \/><\/figure>\n\n\n\n<p><\/p>\n\n\n\n<p>Den 20 april kommer tv\u00e5 elevrepresentanter fr\u00e5n varje skola i \u00e5rkurs 4-9 att bjudas in till en stor elevdemokratiworkshop i Karlstad. Id\u00e9erna som alla elever har skickat in kommer att bearbetas och f\u00e4rdigst\u00e4llas. Sedan kommer era f\u00f6rslag att l\u00e4mnas \u00f6ver till beslutsfattare i Karlstads kommun. Era tankar och id\u00e9er \u00e4r viktiga! Du har stor m\u00f6jlighet att p\u00e5verka!<\/p>\n\n\n\n<h2 class=\"wp-block-heading\">Inspirationsblad<\/h2>\n\n\n\n<p>Vi har gjort inspirationsblad till er elever.<\/p>\n\n\n\n<p><a href=\"http:\/\/skola.karlstad.se\/elevborgarrad\/wp-content\/uploads\/sites\/1517\/2022\/12\/KstdKomm_elevborgarrad-infoblad_A4_forskola.pdf\">F\u00f6rskola<\/a><\/p>\n\n\n\n<p><a href=\"http:\/\/skola.karlstad.se\/elevborgarrad\/wp-content\/uploads\/sites\/1517\/2022\/12\/KstdKomm_elevborgarrad-infoblad_A4_lagstadiet.pdf\">L\u00e5gstadiet&nbsp;<\/a><\/p>\n\n\n\n<p><a href=\"http:\/\/skola.karlstad.se\/elevborgarrad\/wp-content\/uploads\/sites\/1517\/2022\/12\/KstdKomm_elevborgarrad-infoblad_A4_mellanstadiet.pdf\">Mellanstadiet<\/a><\/p>\n\n\n\n<p><a href=\"http:\/\/skola.karlstad.se\/elevborgarrad\/wp-content\/uploads\/sites\/1517\/2022\/12\/KstdKomm_elevborgarrad-infoblad_A4_hogstadiet.pdf\">H\u00f6gstadiet<\/a><\/p>\n\n\n\n<blockquote class=\"wp-block-quote is-layout-flow wp-block-quote-is-layout-flow\">\n<p>Visste ni att det finns experter inom olika milj\u00f6- och klimatomr\u00e5den i Karlstads kommun, <a href=\"https:\/\/skola.karlstad.se\/elevborgarrad\/kontakt\/\">deras kontaktuppgifter hittar ni h\u00e4r.&nbsp;<\/a><\/p>\n\n\n\n<figure class=\"wp-block-image\"><img loading=\"lazy\" decoding=\"async\" width=\"300\" height=\"253\" src=\"http:\/\/skola.karlstad.se\/elevborgarrad\/wp-content\/uploads\/sites\/1517\/2022\/12\/shutterstock_61051801-1-300x253.jpg\" alt=\"\" class=\"wp-image-193\" srcset=\"https:\/\/skola.karlstad.se\/elevborgarrad\/wp-content\/uploads\/sites\/1517\/2022\/12\/shutterstock_61051801-1-300x253.jpg 300w, https:\/\/skola.karlstad.se\/elevborgarrad\/wp-content\/uploads\/sites\/1517\/2022\/12\/shutterstock_61051801-1-1024x862.jpg 1024w, https:\/\/skola.karlstad.se\/elevborgarrad\/wp-content\/uploads\/sites\/1517\/2022\/12\/shutterstock_61051801-1-768x647.jpg 768w, https:\/\/skola.karlstad.se\/elevborgarrad\/wp-content\/uploads\/sites\/1517\/2022\/12\/shutterstock_61051801-1-1536x1293.jpg 1536w, https:\/\/skola.karlstad.se\/elevborgarrad\/wp-content\/uploads\/sites\/1517\/2022\/12\/shutterstock_61051801-1-2048x1724.jpg 2048w, https:\/\/skola.karlstad.se\/elevborgarrad\/wp-content\/uploads\/sites\/1517\/2022\/12\/shutterstock_61051801-1-scaled.jpg 1521w\" sizes=\"auto, (max-width: 300px) 100vw, 300px\" \/><\/figure>\n\n\n\n<p><\/p>\n<\/blockquote>\n","protected":false},"excerpt":{"rendered":"<p>Hej alla elever! Er r\u00f6st \u00e4r viktig! Tack f\u00f6r alla kloka f\u00f6rslag! Det har kommit in 967 f\u00f6rslag fr\u00e5n barn och elever i Karlstads kommuns kommunala f\u00f6rskolor och grundskolor! Tusen tack f\u00f6r alla kloka, innovativa, smarta, konkreta och uppfodrande f\u00f6rslag! F\u00f6rslagen sammanst\u00e4lls nu f\u00f6r att bearbetas p\u00e5 elevdemokratiworkshop 20 april d\u00e4r 44 elever fr\u00e5n \u00e5rskurs &hellip; <\/p>\n<p class=\"link-more\"><a href=\"https:\/\/skola.karlstad.se\/elevborgarrad\/till-elever\/\" class=\"more-link\">Forts\u00e4tt l\u00e4sa<span class=\"screen-reader-text\"> \u201dTill elever!\u201d<\/span><\/a><\/p>\n","protected":false},"author":2,"featured_media":0,"parent":0,"menu_order":0,"comment_status":"closed","ping_status":"closed","template":"","meta":{"footnotes":""},"class_list":["post-32","page","type-page","status-publish","hentry"],"_links":{"self":[{"href":"https:\/\/skola.karlstad.se\/elevborgarrad\/wp-json\/wp\/v2\/pages\/32","targetHints":{"allow":["GET"]}}],"collection":[{"href":"https:\/\/skola.karlstad.se\/elevborgarrad\/wp-json\/wp\/v2\/pages"}],"about":[{"href":"https:\/\/skola.karlstad.se\/elevborgarrad\/wp-json\/wp\/v2\/types\/page"}],"author":[{"embeddable":true,"href":"https:\/\/skola.karlstad.se\/elevborgarrad\/wp-json\/wp\/v2\/users\/2"}],"replies":[{"embeddable":true,"href":"https:\/\/skola.karlstad.se\/elevborgarrad\/wp-json\/wp\/v2\/comments?post=32"}],"version-history":[{"count":19,"href":"https:\/\/skola.karlstad.se\/elevborgarrad\/wp-json\/wp\/v2\/pages\/32\/revisions"}],"predecessor-version":[{"id":1196,"href":"https:\/\/skola.karlstad.se\/elevborgarrad\/wp-json\/wp\/v2\/pages\/32\/revisions\/1196"}],"wp:attachment":[{"href":"https:\/\/skola.karlstad.se\/elevborgarrad\/wp-json\/wp\/v2\/media?parent=32"}],"curies":[{"name":"wp","href":"https:\/\/api.w.org\/{rel}","templated":true}]}}